{"id":27176,"date":"2026-01-27T14:23:57","date_gmt":"2026-01-27T13:23:57","guid":{"rendered":"https:\/\/selectiva.estate\/properties\/villa-la-quinta-r5292214\/"},"modified":"2026-04-13T17:18:10","modified_gmt":"2026-04-13T15:18:10","slug":"villa-la-quinta-r5292214","status":"publish","type":"properties","link":"https:\/\/selectiva.estate\/fr\/properties\/villa-la-quinta-r5292214\/","title":{"rendered":"La Quinta"},"content":{"rendered":"<p>Bienvenue \u00e0 Altura Residences, une collection exclusive de cinq r\u00e9sidences de luxe situ\u00e9e au c\u0153ur de La Quinta, l&apos;un des secteurs les plus pris\u00e9s de Marbella. Imagin\u00e9 par GC Studio et d\u00e9velopp\u00e9 par Kasa Developers, ce projet boutique s\u00e9curis\u00e9 24h\/24 offre de superbes vues sur la mer et r\u00e9invente l&apos;art de vivre m\u00e9diterran\u00e9en contemporain \u00e0 travers une architecture intemporelle, des int\u00e9rieurs \u00e9l\u00e9gants et une connexion naturelle avec l&apos;environnement.<br \/>\nChaque r\u00e9sidence a \u00e9t\u00e9 con\u00e7ue avec soin pour allier esth\u00e9tique et confort. Les espaces ouverts, les larges baies vitr\u00e9es et la parfaite continuit\u00e9 entre int\u00e9rieur et ext\u00e9rieur permettent \u00e0 la lumi\u00e8re naturelle de sublimer les finitions haut de gamme, les cuisines sur mesure et les vastes pi\u00e8ces de vie, prolong\u00e9es par des terrasses priv\u00e9es offrant des vues panoramiques sur les montagnes et la M\u00e9diterran\u00e9e.<br \/>\nR\u00e9parties sur plusieurs niveaux, les villas disposent de quatre \u00e0 cinq chambres spacieuses, toutes avec salle de bains privative, ainsi qu&apos;une suite parentale raffin\u00e9e avec terrasse priv\u00e9e. Les niveaux inf\u00e9rieurs accueillent des espaces d\u00e9di\u00e9s au bien-\u00eatre et aux loisirs, incluant salle de sport priv\u00e9e, sauna et salles polyvalentes, tandis que les solariums sur le toit invitent \u00e0 profiter pleinement du climat andalou.<br \/>\n\u00c0 l&apos;ext\u00e9rieur, jardins privatifs, piscines \u00e0 d\u00e9bordement et espaces ombrag\u00e9s cr\u00e9ent un v\u00e9ritable havre de paix et d&apos;intimit\u00e9. La r\u00e9sidence b\u00e9n\u00e9ficie d&apos;un acc\u00e8s contr\u00f4l\u00e9 et d&apos;une s\u00e9curit\u00e9 permanente, garantissant s\u00e9r\u00e9nit\u00e9 et confort au quotidien.<br \/>\nAltura Residences est bien plus qu&apos;un lieu de vie : c&apos;est une adresse confidentielle o\u00f9 \u00e9l\u00e9gance, confort et art de vivre contemporain se rencontrent en parfaite harmonie.<br \/>\nLa R\u00e9sidence 2 incarne l&apos;essence du modernisme m\u00e9diterran\u00e9en \u00e0 travers des lignes \u00e9pur\u00e9es, des proportions harmonieuses et une parfaite continuit\u00e9 entre les espaces int\u00e9rieurs et ext\u00e9rieurs. Id\u00e9alement orient\u00e9e pour profiter de la douce lumi\u00e8re du matin, la villa s&apos;ouvre sur de vastes terrasses et une piscine priv\u00e9e entour\u00e9e de jardins paysagers. Le rythme architectural de la fa\u00e7ade offre \u00e0 la fois intimit\u00e9 et ouverture, garantissant des vues d\u00e9gag\u00e9es sur la mer et la vall\u00e9e du golf.<br \/>\n\u00c0 l&apos;int\u00e9rieur, la sensation d&apos;espace se prolonge naturellement. La pi\u00e8ce de vie principale se d\u00e9ploie dans un \u00e9l\u00e9gant espace ouvert o\u00f9 la cuisine, la salle \u00e0 manger et le salon s&apos;articulent sous un plafond sculptural. Au niveau inf\u00e9rieur, la villa r\u00e9v\u00e8le un espace de divertissement raffin\u00e9 avec salon et bar, id\u00e9al pour recevoir ou profiter de moments plus intimistes. Une salle de sport priv\u00e9e enti\u00e8rement \u00e9quip\u00e9e peut \u00e9galement \u00eatre am\u00e9nag\u00e9e pour compl\u00e9ter l&apos;exp\u00e9rience bien-\u00eatre.<br \/>\nCARACT\u00c9RISTIQUES<br \/>\nChambres : 5<br \/>\nSalles de bains : 6 + 1<br \/>\nSurface construite : 352 m\u00b2<br \/>\nTerrasses : 197 m\u00b2<br \/>\nJardin : 76 m\u00b2<br \/>\nOrientation : Sud-Est<br \/>\nParking : 3<br \/>\nPrix : 3 995 000 \u20ac a  4 500 000 \u20ac<\/p>","protected":false},"featured_media":27177,"template":"","location":[358],"property_type":[198],"bedroom":[],"price":[306],"feature":[530,398,488,433,440,404,415,483,394,417,410,486,409,439,444,413,513,469,501,418,396,406,454,456,481,412],"class_list":["post-27176","properties","type-properties","status-publish","has-post-thumbnail","hentry","location-la-quinta","property_type-villa","price-3500000-5000000","feature-fiber-optic","feature-air-conditioning","feature-bar","feature-close-to-golf","feature-cold-a-c","feature-covered-terrace","feature-double-glazing","feature-easy-maintenance-garden","feature-excellent","feature-fully-fitted-kitchen","feature-games-room","feature-golf-views","feature-gym","feature-hot-a-c","feature-lift","feature-marble-flooring","feature-new-development","feature-not-furnished","feature-off-plan","feature-private-garden","feature-private-pool","feature-private-terrace","feature-sea-views","feature-solarium","feature-south-east","feature-utility-room"],"acf":[],"_links":{"self":[{"href":"https:\/\/selectiva.estate\/fr\/wp-json\/wp\/v2\/properties\/27176","targetHints":{"allow":["GET"]}}],"collection":[{"href":"https:\/\/selectiva.estate\/fr\/wp-json\/wp\/v2\/properties"}],"about":[{"href":"https:\/\/selectiva.estate\/fr\/wp-json\/wp\/v2\/types\/properties"}],"wp:featuredmedia":[{"embeddable":true,"href":"https:\/\/selectiva.estate\/fr\/wp-json\/wp\/v2\/media\/27177"}],"wp:attachment":[{"href":"https:\/\/selectiva.estate\/fr\/wp-json\/wp\/v2\/media?parent=27176"}],"wp:term":[{"taxonomy":"location","embeddable":true,"href":"https:\/\/selectiva.estate\/fr\/wp-json\/wp\/v2\/location?post=27176"},{"taxonomy":"property_type","embeddable":true,"href":"https:\/\/selectiva.estate\/fr\/wp-json\/wp\/v2\/property_type?post=27176"},{"taxonomy":"bedroom","embeddable":true,"href":"https:\/\/selectiva.estate\/fr\/wp-json\/wp\/v2\/bedroom?post=27176"},{"taxonomy":"price","embeddable":true,"href":"https:\/\/selectiva.estate\/fr\/wp-json\/wp\/v2\/price?post=27176"},{"taxonomy":"feature","embeddable":true,"href":"https:\/\/selectiva.estate\/fr\/wp-json\/wp\/v2\/feature?post=27176"}],"curies":[{"name":"wp","href":"https:\/\/api.w.org\/{rel}","templated":true}]}}