{"id":29263,"date":"2026-09-01T23:52:25","date_gmt":"2026-09-01T21:52:25","guid":{"rendered":"https:\/\/selectiva.estate\/?post_type=properties&#038;p=29263"},"modified":"2026-09-02T00:13:45","modified_gmt":"2026-09-01T22:13:45","slug":"estepona-house-detached-villa-r5422423","status":"publish","type":"properties","link":"https:\/\/selectiva.estate\/fr\/properties\/estepona-house-detached-villa-r5422423\/","title":{"rendered":"Estepona"},"content":{"rendered":"<p><\/p>\n<p>Villa d&#8217;architecte \u00e0 proximit\u00e9 imm\u00e9diate de la plage<\/p>\n<p>Au c\u0153ur d&#8217;une urbanisation de grand renom, cette \u00e9l\u00e9gante villa d&#8217;architecte offre un cadre de vie privil\u00e9gi\u00e9, baign\u00e9 de lumi\u00e8re naturelle et pens\u00e9 pour la d\u00e9tente. Elle repr\u00e9sente une belle opportunit\u00e9 de profiter de la proximit\u00e9 de la plage tout en b\u00e9n\u00e9ficiant d&#8217;une propri\u00e9t\u00e9 \u00e0 taille humaine, au style intemporel.<\/p>\n<p>La villa dispose de **quatre chambres**, dont une avec acc\u00e8s ind\u00e9pendant par l&#8217;ext\u00e9rieur, id\u00e9ale pour recevoir famille et amis en toute autonomie ou envisager un espace invit\u00e9s. Chaque pi\u00e8ce a \u00e9t\u00e9 con\u00e7ue pour cr\u00e9er une atmosph\u00e8re chaleureuse et apaisante : salon convivial, chambres confortables et terrasses propices \u00e0 la douceur de vivre, que ce soit pour des s\u00e9jours de vacances ou une r\u00e9sidence \u00e0 l&#8217;ann\u00e9e.<\/p>\n<p>La terrasse et la piscine s&#8217;ouvrent sur une agr\u00e9able zone verte bois\u00e9e, cr\u00e9ant un v\u00e9ritable \u00e9crin d&#8217;intimit\u00e9 entre la villa et la plage. Vous pourrez ainsi savourer le calme environnant et le doux murmure de la mer, sans vis-\u00e0-vis.<\/p>\n<p>L&#8217;acc\u00e8s facile \u00e0 la plage, la proximit\u00e9 des restaurants et commerces, la pr\u00e9sence d&#8217;une s\u00e9curit\u00e9 24h\/24 au sein du complexe, ainsi que l&#8217;acc\u00e8s rapide aux principaux axes routiers sans nuisance sonore, font de cette propri\u00e9t\u00e9 un choix id\u00e9al pour une r\u00e9sidence secondaire comme pour une r\u00e9sidence principale.<\/p>\n<p><\/p>","protected":false},"featured_media":29301,"template":"","location":[],"property_type":[198],"bedroom":[243],"price":[],"feature":[530,525,557,466,470,432,399,392,391,434,431,415,428,427,473,441,405,448,487,468,413,505,437,400,458],"class_list":["post-29263","properties","type-properties","status-publish","has-post-thumbnail","hentry","property_type-villa","bedroom-243","feature-fiber-optic","feature-holiday-homes","feature-photovoltaic-solar-panels","feature-24-hour-security","feature-beachfront","feature-beachside","feature-central-heating","feature-close-to-sea","feature-close-to-shops","feature-close-to-town","feature-contemporary","feature-double-glazing","feature-drinkable-water","feature-electricity","feature-ensuite-bathroom","feature-fireplace","feature-fitted-wardrobes","feature-golf","feature-good","feature-guest-apartment","feature-marble-flooring","feature-part-furnished","feature-south","feature-u-f-heating","feature-wood-flooring"],"acf":[],"_links":{"self":[{"href":"https:\/\/selectiva.estate\/fr\/wp-json\/wp\/v2\/properties\/29263","targetHints":{"allow":["GET"]}}],"collection":[{"href":"https:\/\/selectiva.estate\/fr\/wp-json\/wp\/v2\/properties"}],"about":[{"href":"https:\/\/selectiva.estate\/fr\/wp-json\/wp\/v2\/types\/properties"}],"wp:featuredmedia":[{"embeddable":true,"href":"https:\/\/selectiva.estate\/fr\/wp-json\/wp\/v2\/media\/29301"}],"wp:attachment":[{"href":"https:\/\/selectiva.estate\/fr\/wp-json\/wp\/v2\/media?parent=29263"}],"wp:term":[{"taxonomy":"location","embeddable":true,"href":"https:\/\/selectiva.estate\/fr\/wp-json\/wp\/v2\/location?post=29263"},{"taxonomy":"property_type","embeddable":true,"href":"https:\/\/selectiva.estate\/fr\/wp-json\/wp\/v2\/property_type?post=29263"},{"taxonomy":"bedroom","embeddable":true,"href":"https:\/\/selectiva.estate\/fr\/wp-json\/wp\/v2\/bedroom?post=29263"},{"taxonomy":"price","embeddable":true,"href":"https:\/\/selectiva.estate\/fr\/wp-json\/wp\/v2\/price?post=29263"},{"taxonomy":"feature","embeddable":true,"href":"https:\/\/selectiva.estate\/fr\/wp-json\/wp\/v2\/feature?post=29263"}],"curies":[{"name":"wp","href":"https:\/\/api.w.org\/{rel}","templated":true}]}}